{"id":78,"date":"2025-02-07T20:21:22","date_gmt":"2025-02-07T20:21:22","guid":{"rendered":"https:\/\/numguentu.com.br\/site\/?page_id=78"},"modified":"2025-02-12T18:49:57","modified_gmt":"2025-02-12T18:49:57","slug":"estatuto-numguentu","status":"publish","type":"page","link":"https:\/\/numguentu.com.br\/site\/estatuto-numguentu\/","title":{"rendered":"Estatuto Numguentu"},"content":{"rendered":"<p style=\"text-align: justify;\"><strong>ESTATUTO DA ASSOCIA\u00c7\u00c3O CULTURAL E ESPORTIVA \u201cNUMGUENTU\u201d<\/strong><\/p>\n<p style=\"text-align: justify;\"><strong>CAP\u00cdTULO I<\/strong><\/p>\n<p style=\"text-align: justify;\"><strong>DA DENOMINA\u00c7\u00c3O, FINS, SEDE E DURA\u00c7\u00c3O<\/strong><\/p>\n<p style=\"text-align: justify;\"><strong>Art. 1<sup>o<\/sup><\/strong>\u00a0A <strong>Associa\u00e7\u00e3o Cultural e Esportiva \u201cNumGuentu\u201d<\/strong>, tamb\u00e9m designada\u00a0apenas como\u00a0\u201c<strong>ACENG<\/strong>\u201d, pessoa jur\u00eddica de direito privado, sem fins lucrativos, de car\u00e1ter organizacional, esportiva, cultural, filantr\u00f3pico, assistencial, promocional, recreativo e educacional, sem cunho pol\u00edtico ou partid\u00e1rio e com fins n\u00e3o econ\u00f4micos, com sede na Avenida Nicola Cianflone, n\u00ba 309, Port\u00e3o 3, Bairro Lanif\u00edcio, na cidade de Santa Isabel\/SP, CEP 07500-000, e prazo de dura\u00e7\u00e3o indeterminado, reger-se-\u00e1 pelo presente estatuto e pela legisla\u00e7\u00e3o que lhe for aplic\u00e1vel, observando no desenvolvimento de suas atividades, os princ\u00edpios da legalidade, impessoalidade, moralidade, publicidade, economicidade e da efici\u00eancia.<\/p>\n<p style=\"text-align: justify;\"><strong>Art. 2<sup>o<\/sup><\/strong><strong><sup>\u00a0<\/sup><\/strong>A associa\u00e7\u00e3o tem por finalidades:<\/p>\n<p style=\"text-align: justify;\">I &#8211; promover, apoiar e\/ou divulgar eventos culturais de amplitude regional, nacional ou internacional de interesse de seus associados;<\/p>\n<p style=\"text-align: justify;\">II &#8211; difundir e aperfei\u00e7oar a pr\u00e1tica do futebol de campo, society e sal\u00e3o amador e outras modalidades esportivas amadoras, programar e organizar festivais e torneios esportivos, tanto entre seus associados quanto n\u00e3o associados;<\/p>\n<p style=\"text-align: justify;\">III \u2013 interagir e relacionar-se com outras entidades cong\u00eaneres.<\/p>\n<p style=\"text-align: justify;\">IV &#8211; apoiar e desenvolver a\u00e7\u00f5es para defesa, eleva\u00e7\u00e3o e manuten\u00e7\u00e3o da qualidade de vida do ser humano e promover a inclus\u00e3o social, a paz, a cidadania, os direitos humanos e a democracia.<\/p>\n<p style=\"text-align: justify;\"><strong>Art. 3<sup>o<\/sup><\/strong> A Associa\u00e7\u00e3o poder\u00e1 ter um Regimento Interno, que aprovado pela Assembleia Geral, disciplinar\u00e1 o seu funcionamento.<\/p>\n<p style=\"text-align: justify;\"><strong>Art. 4<sup>o<\/sup><\/strong> A fim de cumprir sua(s) finalidade(s), a Associa\u00e7\u00e3o poder\u00e1 organizar-se em quantas se fizerem necess\u00e1rias, em todo o territ\u00f3rio nacional, as quais funcionar\u00e3o mediante delega\u00e7\u00e3o expressa da matriz, e se reger\u00e3o pelas disposi\u00e7\u00f5es contidas neste estatuto e, ainda, por um regimento interno aprovado pela Assembleia Geral.<\/p>\n<ul style=\"text-align: justify;\">\n<li>1\u00ba <strong>&#8211; <\/strong>A Associa\u00e7\u00e3o poder\u00e1 estabelecer parcerias com outras entidades de finalidades cong\u00eaneres,\u00a0firmar conv\u00eanios com \u00f3rg\u00e3os p\u00fablicos ou privados, com os governos municipal, estadual,\u00a0federal e ainda com institui\u00e7\u00f5es estrangeiras.<\/li>\n<li>2\u00ba &#8211; A Associa\u00e7\u00e3o poder\u00e1 adotar nomes fantasias, adotados em assembleia geral, na execu\u00e7\u00e3o de seus projetos.<\/li>\n<\/ul>\n<p style=\"text-align: justify;\"><strong>CAP\u00cdTULO II<\/strong><\/p>\n<p style=\"text-align: justify;\"><strong>DOS REQUISITOS PARA A ADMISS\u00c3O, DEMISS\u00c3O E EXCLUS\u00c3O DOS ASSOCIADOS<\/strong><\/p>\n<p style=\"text-align: justify;\"><strong>Art. 5\u00ba<\/strong><strong>\u00a0<\/strong>A Associa\u00e7\u00e3o tem as seguintes categorias de associados:<\/p>\n<ul style=\"text-align: justify;\">\n<li>1\u00ba <strong>S\u00f3cios Fundadores<\/strong> s\u00e3o aqueles que assinarem a ata de funda\u00e7\u00e3o da Associa\u00e7\u00e3o.<\/li>\n<li>2\u00ba <strong>S\u00f3cios Colaboradores\/contribuintes<\/strong> s\u00e3o aqueles admitidos ap\u00f3s a constitui\u00e7\u00e3o da Associa\u00e7\u00e3o, sujeitos ou n\u00e3o a contribui\u00e7\u00e3o mensal, por decis\u00e3o da Diretoria Executiva.<\/li>\n<li>3\u00ba <strong>S\u00f3cios Dependentes <\/strong>s\u00e3o os associados menores de 18 anos, obrigatoriamente vinculados a um maior respons\u00e1vel.<\/li>\n<li>4\u00ba <strong>S\u00f3cios Atletas<\/strong> s\u00e3o os que integram as equipes principais e que participam regularmente das atividades esportivas.<\/li>\n<li>5\u00ba <strong>S\u00f3cios<\/strong> <strong>Benem\u00e9ritos<\/strong> s\u00e3o todas as pessoas f\u00edsicas ou jur\u00eddicas que tenham prestado ou estejam prestando relevantes servi\u00e7os para o desenvolvimento da Associa\u00e7\u00e3o e dever\u00e3o receber diplomas que registrar\u00e3o os servi\u00e7os relevantes prestados.<\/li>\n<\/ul>\n<p style=\"text-align: justify;\"><strong>Art. 6\u00ba<\/strong>\u00a0A Associa\u00e7\u00e3o ser\u00e1 constitu\u00edda por n\u00famero ilimitado de associados, n\u00e3o podendo fazer qualquer distin\u00e7\u00e3o em raz\u00e3o de cor, sexo, ra\u00e7a, credo pol\u00edtico ou religioso, e para sua admiss\u00e3o, o interessado dever\u00e1 preencher ficha de inscri\u00e7\u00e3o, e submete-la a aprova\u00e7\u00e3o da Diretoria Executiva, que observar\u00e1 os seguintes crit\u00e9rios:<\/p>\n<p style=\"text-align: justify;\">I &#8211; Apresentar a c\u00e9dula de Identidade, e no caso de menor de dezoito anos, autoriza\u00e7\u00e3o dos pais ou respons\u00e1veis;<\/p>\n<p style=\"text-align: justify;\">II &#8211; Concordar com o presente Estatuto, e expressar em sua atua\u00e7\u00e3o na Associa\u00e7\u00e3o e fora dela, os princ\u00edpios nele definidos;<\/p>\n<p style=\"text-align: justify;\">III &#8211; Ter idoneidade moral e reputa\u00e7\u00e3o ilibada;<\/p>\n<p style=\"text-align: justify;\">IV &#8211; Em caso de associado colaborador\/contribuinte, assumir o compromisso de honrar pontualmente com as contribui\u00e7\u00f5es associativas.<\/p>\n<p style=\"text-align: justify;\"><strong>Art. 7\u00ba<\/strong>\u00a0\u00c9 direito do associado demitir-se quando julgar necess\u00e1rio, protocolando junto a Secret\u00e1ria da Associa\u00e7\u00e3o seu pedido de demiss\u00e3o.<\/p>\n<p style=\"text-align: justify;\"><strong>Art. 8\u00ba<\/strong>\u00a0A exclus\u00e3o do associado se dar\u00e1 nas seguintes quest\u00f5es:<\/p>\n<p style=\"text-align: justify;\">I &#8211; Grave viola\u00e7\u00e3o do Estatuto;<\/p>\n<p style=\"text-align: justify;\">II &#8211; Difamar a Associa\u00e7\u00e3o, seus membros, associados ou objetos;<\/p>\n<p style=\"text-align: justify;\">III &#8211; Atividades que contrariem decis\u00f5es de Assembleias;<\/p>\n<p style=\"text-align: justify;\">IV &#8211;\u00a0 Desvio de bons costumes;<\/p>\n<p style=\"text-align: justify;\">V &#8211; Conduta duvidosa, atos il\u00edcitos ou Imorais;<\/p>\n<p style=\"text-align: justify;\">VI &#8211; Falta de pagamento de tr\u00eas parcelas consecutivas das contribui\u00e7\u00f5es Associativas;<\/p>\n<ul style=\"text-align: justify;\">\n<li><strong style=\"font-family: inherit; font-size: inherit; font-style: inherit; font-variant-ligatures: inherit; font-variant-caps: inherit;\">1\u00ba <\/strong><span style=\"font-size: inherit; font-style: inherit; font-variant-ligatures: inherit; font-variant-caps: inherit; font-weight: inherit;\">Definida a justa causa, o associado ser\u00e1 devidamente notificado dos fatos a ele imputados, atrav\u00e9s de notifica\u00e7\u00e3o extrajudicial, para que apresente sua defesa pr\u00e9via no prazo de 20 (vinte) dias a contar do recebimento da comunica\u00e7\u00e3o;<\/span><\/li>\n<li><strong> 2\u00ba <\/strong>Ap\u00f3s o discurso do prazo descrito no par\u00e1grafo anterior, independentemente da apresenta\u00e7\u00e3o de defesa, a representa\u00e7\u00e3o ser\u00e1 decidida em reuni\u00e3o extraordin\u00e1ria da Diretoria Executiva, por maioria simples de votos dos diretores presentes;<\/li>\n<li><strong> 3\u00ba <\/strong>Aplicada a pena de exclus\u00e3o, caber\u00e1 recurso, por parte do associado exclu\u00eddo, a Assembleia Geral, o qual dever\u00e1, no prazo de 30 (trinta) dias contados da decis\u00e3o de sua exclus\u00e3o, atrav\u00e9s de notifica\u00e7\u00e3o extrajudicial, manifestar a inten\u00e7\u00e3o de ver a decis\u00e3o da Diretoria Executiva ser objeto de delibera\u00e7\u00e3o, em \u00faltima inst\u00e2ncia, por parte da Assembleia Geral;<\/li>\n<li><strong> 4\u00ba <\/strong>Uma vez exclu\u00eddo, qualquer que seja o motivo, n\u00e3o ter\u00e1 o associado o direito de pleitear indeniza\u00e7\u00e3o ou compensa\u00e7\u00e3o de qualquer natureza, seja a que t\u00edtulo for;<\/li>\n<li><strong> 5\u00ba <\/strong>O associado exclu\u00eddo por falta de pagamento, poder\u00e1 ser readmitido, mediante o pagamento de seu debito junto \u00e0 tesouraria da Associa\u00e7\u00e3o.<\/li>\n<\/ul>\n<p style=\"text-align: justify;\"><strong>CAP\u00cdTULO III<\/strong><\/p>\n<p style=\"text-align: justify;\"><strong>DOS DIREITOS E DEVERES DOS ASSOCIADOS<\/strong><\/p>\n<p style=\"text-align: justify;\"><strong>Art. 9\u00ba<\/strong>\u00a0S\u00e3o direitos dos associados:<\/p>\n<p style=\"text-align: justify;\">I \u2013 participar de todas as atividades da Associa\u00e7\u00e3o;<\/p>\n<p style=\"text-align: justify;\">II \u2013 gozar de todas as vantagens e benef\u00edcios proporcionados pela Associa\u00e7\u00e3o;<\/p>\n<p style=\"text-align: justify;\">III &#8211; Recorrer \u00e0 Assembleia Geral contra qualquer ato da Diretoria ou do Conselho Fiscal;<\/p>\n<p style=\"text-align: justify;\">IV \u2013 Ser indicado pelo Diretor Presidente para cargos ou fun\u00e7\u00f5es de interesse da associa\u00e7\u00e3o, sujeito \u00e0 aprova\u00e7\u00e3o da assembleia geral;<\/p>\n<p style=\"text-align: justify;\"><strong>Art. 10\u00ba<\/strong><strong>\u00a0<\/strong>S\u00e3o deveres dos associados:<\/p>\n<p style=\"text-align: justify;\">I \u2013 cooperar para o desenvolvimento e maior prest\u00edgio da Associa\u00e7\u00e3o;<\/p>\n<p style=\"text-align: justify;\">II \u2013 cumprir as disposi\u00e7\u00f5es estatut\u00e1rias e regimentais;<\/p>\n<p style=\"text-align: justify;\">III &#8211; Respeitar e cumprir as decis\u00f5es da Assembleia Geral;<\/p>\n<p style=\"text-align: justify;\">IV &#8211; Defender o patrim\u00f4nio e os interesses da Associa\u00e7\u00e3o;<\/p>\n<p style=\"text-align: justify;\">V \u2013 Votar por ocasi\u00e3o das elei\u00e7\u00f5es;<\/p>\n<p style=\"text-align: justify;\">VI \u2013 acatar as determina\u00e7\u00f5es da Diretoria Executiva;<\/p>\n<p style=\"text-align: justify;\">VII &#8211; pagar pontualmente as contribui\u00e7\u00f5es mensais;<\/p>\n<p style=\"text-align: justify;\">VIII \u2013 zelar pelo bom nome da associa\u00e7\u00e3o junto \u00e0 comunidade;<\/p>\n<p style=\"text-align: justify;\">IX &#8211; Respeitar e observar o presente Estatuto, as disposi\u00e7\u00f5es regimentais, resolu\u00e7\u00f5es e as delibera\u00e7\u00f5es da diretoria;<\/p>\n<p style=\"text-align: justify;\">X \u2013 Comparecer para jogar quando escalados (aplica-se somente aos associados na categoria atleta);<\/p>\n<ul style=\"text-align: justify;\">\n<li>1\u00ba &#8211; Os associados da entidade n\u00e3o respondem, nem mesmo subsidiariamente, pelas obriga\u00e7\u00f5es e encargos sociais da institui\u00e7\u00e3o.<\/li>\n<\/ul>\n<p style=\"text-align: justify;\"><strong>SE\u00c7\u00c3O I<\/strong><\/p>\n<p style=\"text-align: justify;\"><strong>DAS PENALIDADES<\/strong><\/p>\n<p style=\"text-align: justify;\"><strong>Art.\u00a011\u00ba.<\/strong>\u00a0Os associados fundadores e colaboradores est\u00e3o sujeitos \u00e0s penalidades sucessivas de advert\u00eancia, suspens\u00e3o e exclus\u00e3o, nos casos de:<\/p>\n<p style=\"text-align: justify;\">I &#8211; aus\u00eancia a tr\u00eas assembleias gerais consecutivas, ou em caso de diretoria tr\u00eas reuni\u00f5es a que forem convocados, sem justificativas;<\/p>\n<p style=\"text-align: justify;\">II &#8211; infringir os princ\u00edpios \u00e9ticos que pautam a conduta dos associados dentro e fora da Associa\u00e7\u00e3o;<\/p>\n<p style=\"text-align: justify;\">III &#8211; levar a associa\u00e7\u00e3o \u00e0 pr\u00e1tica de atos judiciais para obter o cumprimento de obriga\u00e7\u00f5es por ele contra\u00eddas;<\/p>\n<p style=\"text-align: justify;\">IV &#8211; inadimpl\u00eancia em rela\u00e7\u00e3o ao pagamento de sua contribui\u00e7\u00e3o mensal, referente ao exerc\u00edcio anterior.<\/p>\n<p style=\"text-align: justify;\"><strong>Art.\u00a012\u00ba.<\/strong>\u00a0Os associados atletas est\u00e3o sujeitos \u00e0s penalidades sucessivas de advert\u00eancia, suspens\u00e3o e exclus\u00e3o, nos casos de:<\/p>\n<p style=\"text-align: justify;\">I &#8211; aus\u00eancia em jogo de competi\u00e7\u00e3o, em qualquer fase, sem justificativas;<\/p>\n<p style=\"text-align: justify;\">II &#8211; infringir os princ\u00edpios \u00e9ticos que pautam a conduta dos associados dentro e fora da Associa\u00e7\u00e3o;<\/p>\n<p style=\"text-align: justify;\">III &#8211; levar a associa\u00e7\u00e3o \u00e0 pr\u00e1tica de atos judiciais para obter o cumprimento de obriga\u00e7\u00f5es por ele contra\u00eddas;<\/p>\n<p style=\"text-align: justify;\">IV \u2013 m\u00e1 conserva\u00e7\u00e3o ou perda de material fornecido pela associa\u00e7\u00e3o para desenvolvimento das atividades esportivas.<\/p>\n<p style=\"text-align: justify;\"><strong>Art.\u00a013\u00ba.<\/strong>\u00a0Compete \u00e0 Diretoria Executiva a aplica\u00e7\u00e3o das penalidades de advert\u00eancia, suspens\u00e3o ou exclus\u00e3o do associado conforme tratam os artigos 12 e 13.<\/p>\n<ul style=\"text-align: justify;\">\n<li>1\u00ba A penalidade de exclus\u00e3o ser\u00e1 aplicada, ouvido previamente o acusado<strong>,<\/strong>cabendo dessa decis\u00e3o recurso \u00e0 primeira Assembleia, Ordin\u00e1ria ou Extraordin\u00e1ria, que vier a se realizar.<\/li>\n<li>2\u00ba O recurso dever\u00e1 ser formulado pelo associado exclu\u00eddo, no prazo de 10 (dez) dias da divulga\u00e7\u00e3o da decis\u00e3o, e ter\u00e1 efeito suspensivo.<\/li>\n<li>3\u00ba A exclus\u00e3o do associado s\u00f3 ser\u00e1 admiss\u00edvel havendo justa causa, assim reconhecida em procedimento que assegure o direito de defesa e de recurso, pelo voto concorde de dois ter\u00e7os dos presentes \u00e0 assembleia especialmente convocada para esse fim.<\/li>\n<li>4\u00ba Quando o infrator for membro da Diretoria Executiva e do Conselho Fiscal, as penalidades de advert\u00eancia, suspens\u00e3o e exclus\u00e3o, ser\u00e3o aplicadas pela Assembleia Geral.<\/li>\n<li>5\u00ba O associado exclu\u00eddo por falta de pagamento poder\u00e1 ser readmitido, mediante o pagamento de seu d\u00e9bito junto \u00e0 tesouraria da Associa\u00e7\u00e3o.<\/li>\n<li>6\u00ba As penas ser\u00e3o aplicadas pela Diretoria Executiva e poder\u00e3o constituir-se em:<\/li>\n<\/ul>\n<p style=\"text-align: justify;\">I &#8211; Advert\u00eancia por escrito;<\/p>\n<p style=\"text-align: justify;\">II &#8211; Suspens\u00e3o de 30 (trinta) dias at\u00e9 01 (um) ano;<\/p>\n<p style=\"text-align: justify;\">III &#8211; Elimina\u00e7\u00e3o do quadro social.<\/p>\n<p style=\"text-align: justify;\"><strong>CAP\u00cdTULO IV<\/strong><\/p>\n<p style=\"text-align: justify;\"><strong>DO PATRIM\u00d4NIO E DAS FONTES DE RECURSOS PARA A MANUTEN\u00c7\u00c3O DA ASSOCIA\u00c7\u00c3O<\/strong><\/p>\n<p style=\"text-align: justify;\"><strong>Art. 14.<\/strong>\u00a0O patrim\u00f4nio da Associa\u00e7\u00e3o \u00e9 constitu\u00eddo de todos os bens e direitos que lhe couberem e pelos que vier a possuir, no exerc\u00edcio de suas atividades, sob a forma de subven\u00e7\u00f5es, premia\u00e7\u00f5es, contribui\u00e7\u00f5es e doa\u00e7\u00f5es, legados e aquisi\u00e7\u00f5es, livres e desembara\u00e7ados de \u00f4nus.<\/p>\n<p style=\"text-align: justify;\"><strong>Par\u00e1grafo \u00fanico<\/strong>. \u00a0A aliena\u00e7\u00e3o ou permuta de bens, para a aquisi\u00e7\u00e3o de outros mais adequados, ser\u00e3o decididas pela Diretoria Executiva, com pr\u00e9via aprova\u00e7\u00e3o da Assembleia Geral, especialmente convocada para esse fim.<\/p>\n<p style=\"text-align: justify;\"><strong>Art. 15.<\/strong>\u00a0As fontes de recursos para a manuten\u00e7\u00e3o da Associa\u00e7\u00e3o constituir-se-\u00e3o de contribui\u00e7\u00f5es regulares dos associados, da presta\u00e7\u00e3o de servi\u00e7os contratados ou conveniados com outras entidades, pela arrecada\u00e7\u00e3o dos valores obtidos atrav\u00e9s da realiza\u00e7\u00e3o de festas e outros eventos, desde que tenham seus lucros revertidos totalmente em beneficio da associa\u00e7\u00e3o, da comercializa\u00e7\u00e3o de produtos, artigos, camisetas e uniformes das equipes e eventos relacionados a associa\u00e7\u00e3o, das premia\u00e7\u00f5es advindas de competi\u00e7\u00f5es disputadas pelas equipes da associa\u00e7\u00e3o, das doa\u00e7\u00f5es e aux\u00edlios de pessoas f\u00edsicas ou jur\u00eddicas, privadas ou p\u00fablicas, das rendas e juros de dep\u00f3sitos banc\u00e1rios e aplica\u00e7\u00f5es financeiras, valores advindos de suas atividades comunit\u00e1rias e pelos rendimentos produzidos pelo seu patrim\u00f4nio.<\/p>\n<p style=\"text-align: justify;\"><strong>Art. 16.<\/strong>\u00a0A receita da ACENG ser\u00e1 utilizada \u00fanica e exclusivamente, para suas finalidades estatut\u00e1rias e n\u00e3o ser\u00e1 admitida a remunera\u00e7\u00e3o de seus dirigentes pelo exerc\u00edcio de suas fun\u00e7\u00f5es, bem como a distribui\u00e7\u00e3o de lucros, dividendos, vantagens ou bonifica\u00e7\u00f5es a qualquer de seus associados ou dirigentes.<\/p>\n<ul style=\"text-align: justify;\">\n<li>1\u00ba Toda receita ou despesa dever\u00e1 ser aprovada pela Diretoria.<\/li>\n<li>2\u00ba No caso de receita advinda de premia\u00e7\u00e3o, no m\u00ednimo 30% do valor recebido dever\u00e1 ser destinado ao departamento a qual a equipe respons\u00e1vel pela premia\u00e7\u00e3o \u00e9 subordinada.<\/li>\n<\/ul>\n<p style=\"text-align: justify;\"><strong>CAP\u00cdTULO V &#8211; DA ADMINISTRA\u00c7\u00c3O<\/strong><\/p>\n<p style=\"text-align: justify;\"><strong>SE\u00c7\u00c3O I &#8211; DAS DISPOSI\u00c7\u00d5ES GERAIS<\/strong><\/p>\n<p style=\"text-align: justify;\"><strong>Art. 17.<\/strong>\u00a0A\u00a0Associa\u00e7\u00e3o tem como \u00f3rg\u00e3os deliberativos e executivos a Assembleia Geral, a Diretoria Administrativa e o Conselho Fiscal.<\/p>\n<p style=\"text-align: justify;\"><strong>Art. 18.<\/strong>\u00a0\u00c9 vedado aos diretores e conselheiros, o recebimento, sob qualquer pretexto, de remunera\u00e7\u00e3o, gratifica\u00e7\u00f5es, super\u00e1vit ou dividendos, bonifica\u00e7\u00f5es, participa\u00e7\u00f5es ou vantagens.<\/p>\n<p style=\"text-align: justify;\"><strong>SE\u00c7\u00c3O II<\/strong><\/p>\n<p style=\"text-align: justify;\"><strong>DA ASSEMBL\u00c9IA GERAL<\/strong><\/p>\n<p style=\"text-align: justify;\"><strong>Art.<\/strong><strong>\u00a0<\/strong><strong>19.<\/strong><strong>\u00a0<\/strong>A\u00a0Assembleia Geral, \u00f3rg\u00e3o m\u00e1ximo de delibera\u00e7\u00e3o e fiscaliza\u00e7\u00e3o da Associa\u00e7\u00e3o e \u00e9 constitu\u00eddo pelos associados fundadores e diretoria executiva, que estejam em pleno gozo de seus direitos estatut\u00e1rios.<\/p>\n<p style=\"text-align: justify;\"><strong>Art.<\/strong><strong>\u00a02<\/strong><strong>0.<\/strong><strong>\u00a0<\/strong>A\u00a0Assembleia Geral ser\u00e1 presidida pelo Diretor Presidente ou pelo seu substituto legal, que ter\u00e1 o voto de qualidade em caso de empate nas vota\u00e7\u00f5es, e as fun\u00e7\u00f5es de secret\u00e1rio ser\u00e3o desempenhadas por qualquer dos associados, escolhido por aclama\u00e7\u00e3o pelos presentes.<\/p>\n<p style=\"text-align: justify;\"><strong>Art.<\/strong><strong>\u00a0<\/strong><strong>21.<\/strong><strong>\u00a0<\/strong>A\u00a0Assembleia Geral reunir-se-\u00e1:<\/p>\n<p style=\"text-align: justify;\">I \u2013 ordinariamente, uma vez por ano, no m\u00eas de maio, e extraordinariamente, a qualquer tempo, quando convocada pelo Presidente da Associa\u00e7\u00e3o ou pela Diretoria Executiva ou pelo Conselho Fiscal ou por um 1\/5 (um quinto) dos associados em pleno gozo de seus direitos.<\/p>\n<p style=\"text-align: justify;\">II &#8211; As reuni\u00f5es da Assembleia Geral ser\u00e3o instaladas, em primeira convoca\u00e7\u00e3o, com a presen\u00e7a de, no m\u00ednimo, a maioria absoluta do total de associados com direito a voto, e, em segunda convoca\u00e7\u00e3o, na mesma data e local, trinta minutos depois da convoca\u00e7\u00e3o anterior, com qualquer n\u00famero, deliberando pela maioria dos votos dos presentes.<\/p>\n<p style=\"text-align: justify;\">III &#8211; Para as delibera\u00e7\u00f5es referentes \u00e0 destitui\u00e7\u00e3o dos administradores, altera\u00e7\u00e3o do estatuto, autoriza\u00e7\u00e3o para a aliena\u00e7\u00e3o ou institui\u00e7\u00e3o de \u00f4nus sobre os bens pertencentes \u00e0 Associa\u00e7\u00e3o e dissolu\u00e7\u00e3o da Associa\u00e7\u00e3o, \u00e9 exigido o voto concorde de dois ter\u00e7os dos presentes \u00e0 assembleia especialmente convocada para esse fim, n\u00e3o podendo ela deliberar, em primeira convoca\u00e7\u00e3o, sem a maioria absoluta dos associados, ou com menos de um ter\u00e7o em segunda convoca\u00e7\u00e3o, na mesma data e local, trinta minutos depois da convoca\u00e7\u00e3o anterior, deliberando pela maioria dos votos dos presentes.<\/p>\n<p style=\"text-align: justify;\"><strong>Art. 22.<\/strong>\u00a0Compete \u00e0 Assembleia Geral Ordin\u00e1ria:<\/p>\n<p style=\"text-align: justify;\">I \u2013 aprovar a presta\u00e7\u00e3o de contas anual, os balan\u00e7os, os relat\u00f3rios de desempenho financeiro e cont\u00e1bil, bem como as opera\u00e7\u00f5es patrimoniais realizadas no exerc\u00edcio findo;<\/p>\n<p style=\"text-align: justify;\">II \u2013 aprovar o or\u00e7amento anual e o programa de trabalho propostos pela Diretoria Executiva;<\/p>\n<p style=\"text-align: justify;\">III \u2013 aprovar a presta\u00e7\u00e3o de contas;<\/p>\n<p style=\"text-align: justify;\">IV \u2013 eleger os administradores.<\/p>\n<p style=\"text-align: justify;\"><strong>Art. 23.<\/strong>\u00a0Compete \u00e0 Assembleia Geral Extraordin\u00e1ria:<\/p>\n<p style=\"text-align: justify;\">I \u2013 destituir os administradores;<\/p>\n<p style=\"text-align: justify;\">II &#8211; alterar o estatuto;<\/p>\n<p style=\"text-align: justify;\">III \u2013 autorizar a aliena\u00e7\u00e3o ou institui\u00e7\u00e3o de \u00f4nus sobre os bens pertencentes \u00e0 Associa\u00e7\u00e3o;<\/p>\n<p style=\"text-align: justify;\">IV \u2013 deliberar sobre a proposta de absor\u00e7\u00e3o ou incorpora\u00e7\u00e3o de outras entidades;<\/p>\n<p style=\"text-align: justify;\">V \u2013 decidir sobre a dissolu\u00e7\u00e3o da Associa\u00e7\u00e3o;<\/p>\n<p style=\"text-align: justify;\">VI \u2013 outras pautas inclu\u00eddas pela diretoria executiva.<\/p>\n<p style=\"text-align: justify;\"><strong>Art.<\/strong><strong>\u00a0<\/strong><strong>24.<\/strong><strong>\u00a0<\/strong>A\u00a0Assembleia Geral ser\u00e1 convocada com a anteced\u00eancia m\u00ednima de (5) cinco dias, contendo a pauta dos assuntos a serem tratados, mediante edital a ser fixado na sede da entidade, por meio eletr\u00f4nico atrav\u00e9s de e-mail cadastrado, atrav\u00e9s do site oficial da entidade ou por qualquer outro meio reconhecido legalmente, com pauta dos assuntos a serem tratados.<\/p>\n<p style=\"text-align: justify;\"><strong>SE\u00c7\u00c3O III<\/strong><\/p>\n<p style=\"text-align: justify;\"><strong>DA DIRETORIA ADMINISTRATIVA<\/strong><\/p>\n<p style=\"text-align: justify;\"><strong>Art.<\/strong><strong>\u00a0<\/strong><strong>25.<\/strong><strong>\u00a0<\/strong>A Associa\u00e7\u00e3o ser\u00e1 administrada por uma Diretoria Administrativa composta de:<\/p>\n<ol style=\"text-align: justify;\">\n<li>Diretor Presidente<\/li>\n<li>Vice Diretor Presidente<\/li>\n<\/ol>\n<p style=\"text-align: justify;\">III.\u00a0Diretor Financeiro<\/p>\n<ol style=\"text-align: justify;\">\n<li>Diretor Administrativo<\/li>\n<li>Diretor Secret\u00e1rio<\/li>\n<\/ol>\n<ul style=\"text-align: justify;\">\n<li>1\u00ba &#8211; O cargo de Diretor Presidente ter\u00e1 o mandato vital\u00edcio, sendo que este ser\u00e1 substitu\u00eddo no caso de impedimento, aus\u00eancia injustificada pelo prazo de 06 (seis) meses ou ren\u00fancia;<\/li>\n<li>2\u00ba &#8211; Os cargos constantes de inciso II, III, IV e V<strong> ser\u00e3o indicados pelo Diretor Presidente, o qual ser\u00e3o votados atrav\u00e9s de Assembleia Geral, para um mandato de 4 (quatro) anos, sendo permitida a reelei\u00e7\u00e3o dos mesmos.<\/strong><\/li>\n<\/ul>\n<p style=\"text-align: justify;\"><strong>Par\u00e1grafo \u00fanico.<\/strong>\u00a0\u00c9 obrigat\u00f3rio ao membro da Diretoria, comparecer as reuni\u00f5es a que forem convocados, sendo que a falta injustificada a tr\u00eas dessas reuni\u00f5es,\u00a0acarretar\u00e1 na sua exclus\u00e3o, de acordo com o estabelecido neste estatuto.<\/p>\n<p style=\"text-align: justify;\"><strong>Art. 26<\/strong>\u00a0O Diretor Presidente ser\u00e1 substitu\u00eddo pelo Vice Diretor Presidente, no caso de impedimento, aus\u00eancia injustificada pelo prazo de 06 (seis) meses ou ren\u00fancia.<\/p>\n<p style=\"text-align: justify;\"><strong>Art. 27<\/strong>\u00a0Em caso de vac\u00e2ncia de qualquer dos cargos da Diretoria Administrativa, a vaga ser\u00e1 preenchida por um associado, fundador ou colaborador, indicado pelo Diretor Presidente, que exercer\u00e1 a fun\u00e7\u00e3o at\u00e9 o t\u00e9rmino do mandato dos demais membros eleitos.<\/p>\n<p style=\"text-align: justify;\"><strong>Art. 28.<\/strong>\u00a0Os mandatos dos diretores prorrogar-se-\u00e3o, automaticamente, at\u00e9 a posse dos que sejam eleitos para suced\u00ea-los.<\/p>\n<p style=\"text-align: justify;\"><strong>Art.<\/strong><strong>\u00a0<\/strong><strong>29.<\/strong><strong>\u00a0<\/strong>A\u00a0Diretoria Administrativa reunir-se-\u00e1 ordin\u00e1ria e extraordinariamente e suas decis\u00f5es ser\u00e3o tomadas por maioria simples de votos, exigida a presen\u00e7a de, pelo menos, quatro de seus diretores, al\u00e9m do Presidente.<\/p>\n<ul style=\"text-align: justify;\">\n<li><strong> \u00fanico<\/strong>. As decis\u00f5es s\u00e3o tomadas por maioria dos votos, cabendo ao Presidente o direito ao voto de qualidade.<\/li>\n<\/ul>\n<p style=\"text-align: justify;\"><strong>Art.<\/strong><strong>\u00a0<\/strong><strong>30.<\/strong><strong>\u00a0<\/strong>Compete a Diretoria Administrativa:<\/p>\n<ol style=\"text-align: justify;\">\n<li>Administrar e coordenar as atribui\u00e7\u00f5es da Associa\u00e7\u00e3o, as instala\u00e7\u00f5es e o patrim\u00f4nio zelando pela sua manuten\u00e7\u00e3o;<\/li>\n<li>Admitir, nomear e dar posse aos respons\u00e1veis pelos departamentos e fun\u00e7\u00f5es que possam ser criados;<\/li>\n<\/ol>\n<p style=\"text-align: justify;\">III.\u00a0Cumprir e fazer cumprir este Estatuto;<\/p>\n<ol style=\"text-align: justify;\">\n<li>Representar a Associa\u00e7\u00e3o ativa e passivamente, em ju\u00edzo e fora dele;<\/li>\n<li>Elaborar e aprovar a presta\u00e7\u00e3o de contas e o relat\u00f3rio anual de atividades, para encaminhamento ao Conselho Fiscal;<\/li>\n<\/ol>\n<p style=\"text-align: justify;\">VI \u2013 estabelecer o valor da mensalidade para os s\u00f3cios colaboradores\/contribuintes;<\/p>\n<p style=\"text-align: justify;\">VII \u2013 administrar as instala\u00e7\u00f5es e o patrim\u00f4nio zelando pela sua manuten\u00e7\u00e3o;<\/p>\n<p style=\"text-align: justify;\">VIII \u2013 elaborar e executar o or\u00e7amento anual;<\/p>\n<p style=\"text-align: justify;\">IX \u2013 executar as decis\u00f5es da Assembleia Geral;<\/p>\n<p style=\"text-align: justify;\"><strong>Art. 31.<\/strong>\u00a0Na elabora\u00e7\u00e3o da presta\u00e7\u00e3o de contas, devem ser observados os Princ\u00edpios Fundamentais de Contabilidade e das Normas Brasileiras de Contabilidade.<\/p>\n<p style=\"text-align: justify;\"><strong>Art. 32.<\/strong>\u00a0O relat\u00f3rio anual de atividades, com a presta\u00e7\u00e3o de contas do per\u00edodo, dever\u00e1 ser apresentado ao Conselho Fiscal, at\u00e9 o dia 31 de mar\u00e7o de cada ano, a fim de receber parecer conclusivo.<\/p>\n<ul style=\"text-align: justify;\">\n<li><strong> \u00fanico<\/strong>. No prazo de 30 (trinta) dias, a contar do recebimento da documenta\u00e7\u00e3o referida no caput deste artigo, o Conselho Fiscal deliberar\u00e1 e emitir\u00e1 parecer, encaminhando-o \u00e0 aprecia\u00e7\u00e3o da Assembleia Geral.<\/li>\n<\/ul>\n<p style=\"text-align: justify;\"><strong>Art. 33.<\/strong>\u00a0Compete ao Diretor Presidente:<\/p>\n<p style=\"text-align: justify;\">I &#8211; representar a Associa\u00e7\u00e3o ativa e passivamente, judicial e extrajudicialmente;<\/p>\n<p style=\"text-align: justify;\">II \u2013 coordenar as atividades dos diretores;<\/p>\n<p style=\"text-align: justify;\">III \u2013 assinar, em conjunto com o Tesoureiro quaisquer documentos relativos \u00e0s opera\u00e7\u00f5es ativas da Associa\u00e7\u00e3o, inclusive, ordens de pagamento, cheques, contratos e conv\u00eanios;<\/p>\n<p style=\"text-align: justify;\">IV \u2013 designar auxiliares para fun\u00e7\u00f5es espec\u00edficas;<\/p>\n<p style=\"text-align: justify;\">V \u2013 convocar e presidir as reuni\u00f5es da Diretoria Executiva.<\/p>\n<p style=\"text-align: justify;\">VI &#8211; Assinar, junto com o Secret\u00e1rio, os livros e as atas as Secretaria;<\/p>\n<p style=\"text-align: justify;\">VII- Contratar funcion\u00e1rios ou auxiliares especializados, fixando seus vencimentos podendo licenci\u00e1-los, suspend\u00ea-los ou demiti-los;<\/p>\n<p style=\"text-align: justify;\">VIII &#8211; Criar departamentos patrimoniais, culturais, esportivos, sociais, de sa\u00fade e outros que julgar necess\u00e1rios ao cumprimento das finalidades sociais, nomeando e destituindo os respectivos respons\u00e1veis.<\/p>\n<p style=\"text-align: justify;\"><strong>Art. 34.<\/strong>\u00a0Compete ao Vice Diretor Presidente:<\/p>\n<p style=\"text-align: justify;\">I \u2013 substituir o Diretor Presidente em suas faltas ou impedimentos;<\/p>\n<p style=\"text-align: justify;\">II \u2013 auxiliar o Diretor Presidente em suas atribui\u00e7\u00f5es.<\/p>\n<p style=\"text-align: justify;\">III \u2013 assumir interinamente diretorias em caso de vac\u00e2ncia do membro titular, caso determinado pelo Diretor Presidente.<\/p>\n<p style=\"text-align: justify;\"><strong>Art. 35.<\/strong>\u00a0Compete ao Diretor Financeiro:<\/p>\n<p style=\"text-align: justify;\">I \u2013 coordenar as atividades da tesouraria e da contabilidade;<\/p>\n<p style=\"text-align: justify;\">II \u2013 arrecadar e contabilizar as contribui\u00e7\u00f5es dos associados, rendas, premia\u00e7\u00f5es, aux\u00edlios e donativos;<\/p>\n<p style=\"text-align: justify;\">III \u2013 elaborar o relat\u00f3rio financeiro e balancetes;<\/p>\n<p style=\"text-align: justify;\">IV &#8211; manter, em estabelecimentos banc\u00e1rios, juntamente com o presidente, os valores da Associa\u00e7\u00e3o, podendo aplic\u00e1-los, ouvida a Diretoria Executiva;<\/p>\n<p style=\"text-align: justify;\">V \u2013 manter, sob sua guarda e responsabilidade, os documentos relativos \u00e0 tesouraria;<\/p>\n<p style=\"text-align: justify;\">VI \u2013 substituir o Secret\u00e1rio, em suas faltas ou impedimentos.<\/p>\n<p style=\"text-align: justify;\">VII &#8211; assinar, em conjunto com o Presidente, os cheques e demais documentos banc\u00e1rios e cont\u00e1beis;<\/p>\n<p style=\"text-align: justify;\">VIII &#8211; efetuar os pagamentos autorizados e recebimentos devidos \u00e0 Associa\u00e7\u00e3o;<\/p>\n<p style=\"text-align: justify;\">IX &#8211; Apresentar ao Conselho Fiscal, os balancetes semestrais e o balan\u00e7o anual;<\/p>\n<p style=\"text-align: justify;\">X &#8211; elaborar, anualmente, a rela\u00e7\u00e3o dos bens da Associa\u00e7\u00e3o, apresentando-a, quando solicitado, \u00e0 Assembleia Geral.<\/p>\n<p style=\"text-align: justify;\"><strong>Art.36.<\/strong>\u00a0Compete ao Diretor Administrativo:<\/p>\n<p style=\"text-align: justify;\">I &#8211; representar a Associa\u00e7\u00e3o, ativa ou passivamente, em ju\u00edzo ou administrativamente sempre em conjunto com o Presidente ou quem o substituir.<\/p>\n<p style=\"text-align: justify;\">II &#8211; organizar e dirigir todos os servi\u00e7os da Secretaria da Associa\u00e7\u00e3o;<\/p>\n<p style=\"text-align: justify;\">III &#8211; promover a lavratura e subscri\u00e7\u00e3o de todas as atas das reuni\u00f5es da Diretoria;<\/p>\n<p style=\"text-align: justify;\">IV &#8211; manter, sob sua responsabilidade e guarda, todo o arquivo de documentos e livros da Associa\u00e7\u00e3o;<\/p>\n<p style=\"text-align: justify;\">V &#8211; controlar, mediante registro em livro pr\u00f3prio, o n\u00famero de associados da Associa\u00e7\u00e3o, a medida em que estes lhe forem apresentando os respectivos t\u00edtulos definitivos ou de compromisso de aquisi\u00e7\u00e3o de propriedade, anotando a \u00e1rea do terreno e\/ou da constru\u00e7\u00e3o e a quantidade de votos a que o titular ter\u00e1 direito;<\/p>\n<p style=\"text-align: justify;\">VI &#8211; nomear e demitir os funcion\u00e1rios da Associa\u00e7\u00e3o Sociedade, \u201cad referendum\u201d da diretoria;<\/p>\n<p style=\"text-align: justify;\">VII &#8211; encarregar-se de todos os assuntos pertinentes \u00e0 administra\u00e7\u00e3o da Associa\u00e7\u00e3o, em especial aos relacionados ao departamento pessoal;<\/p>\n<p style=\"text-align: justify;\">VIII &#8211; proceder ao cadastro dos bens patrimoniais da Associa\u00e7\u00e3o, em Livro Pr\u00f3prio ou fichas, cumprindo-lhe tamb\u00e9m a guarda e conserva\u00e7\u00e3o de tal patrim\u00f4nio.<\/p>\n<p style=\"text-align: justify;\">IX &#8211; encaminhar e acompanhar todas as quest\u00f5es jur\u00eddicas de interesse da associa\u00e7\u00e3o;<\/p>\n<p style=\"text-align: justify;\">X &#8211; assinar, juntamente com o Presidente, ou quem o substituir, no caso de impedimento justificado do Diretor Financeiro, todos os atos e documentos que envolvam transa\u00e7\u00f5es patrimoniais ou responsabilidade financeira da Associa\u00e7\u00e3o, inclusive cheques, ordem de pagamento, t\u00edtulos de cr\u00e9dito e quaisquer outros contratos ou documentos que importem em responsabilidade da Associa\u00e7\u00e3o;<\/p>\n<p style=\"text-align: justify;\"><strong>Art. 37.<\/strong>\u00a0Compete ao Diretor Secret\u00e1rio:<\/p>\n<p style=\"text-align: justify;\">I \u2013 secretariar as reuni\u00f5es da Diretoria Executiva e redigir as atas;<\/p>\n<p style=\"text-align: justify;\">II \u2013 coordenar as atividades de secretaria;<\/p>\n<p style=\"text-align: justify;\">III \u2013 substituir o Vice-Presidente em suas faltas e impedimentos.<\/p>\n<p style=\"text-align: justify;\">IV \u2013 assumir interinamente diretorias em caso de vac\u00e2ncia do membro titular, caso determinado pelo Presidente.<\/p>\n<p style=\"text-align: justify;\"><strong>SE\u00c7\u00c3O IV<\/strong><\/p>\n<p style=\"text-align: justify;\"><strong>DO CONSELHO FISCAL<\/strong><\/p>\n<p style=\"text-align: justify;\"><strong>Art. 38.<\/strong>\u00a0O Conselho Fiscal, \u00f3rg\u00e3o de controle interno, \u00e9 constitu\u00eddo por 3 (tr\u00eas) membros, sendo associados em pleno gozo de suas prerrogativas estatut\u00e1rias, <strong>ser\u00e3o indicados pelo Diretor Presidente, o qual ser\u00e3o votados atrav\u00e9s de Assembleia Geral.<\/strong><\/p>\n<ul style=\"text-align: justify;\">\n<li>1\u00ba O mandato dos membros do Conselho Fiscal ser\u00e1 coincidente com o mandato da Diretoria Administrativa.<\/li>\n<li>2\u00ba Em caso de afastamento definitivo de qualquer um dos conselheiros, a vaga ser\u00e1 preenchida por um associado indicado pelo Diretor Presidente, at\u00e9 o t\u00e9rmino do mandato mandado do Conselho.<\/li>\n<\/ul>\n<p style=\"text-align: justify;\"><strong>Art. 39.<\/strong>\u00a0Compete ao Conselho Fiscal:<\/p>\n<p style=\"text-align: justify;\">I \u2013 escolher, em cada reuni\u00e3o, um dos membros para dirigir os trabalhos;<\/p>\n<p style=\"text-align: justify;\">II \u2013 examinar e opinar sobre os relat\u00f3rios de desempenho financeiro e cont\u00e1bil e sobre as opera\u00e7\u00f5es patrimoniais realizadas;<\/p>\n<p style=\"text-align: justify;\">III \u2013 opinar sobre a aquisi\u00e7\u00e3o e aliena\u00e7\u00e3o de bens;<\/p>\n<p style=\"text-align: justify;\">IV \u2013 examinar o balan\u00e7o anual, a presta\u00e7\u00e3o de contas e o relat\u00f3rio anual de atividades, emitindo parecer a ser submetido \u00e0 Assembleia Geral.<\/p>\n<p style=\"text-align: justify;\">V \u2013 propor \u00e0 Diretoria Administrativa a convoca\u00e7\u00e3o e reuni\u00e3o conjunta, a fim de tratar de assuntos julgados relevantes.<\/p>\n<p style=\"text-align: justify;\"><strong>Art. 40. <\/strong>A Perda da qualidade de membro da Diretoria Administrativa ou Conselho Fiscal ser\u00e1 determinada pela Assembleia Geral, sendo admiss\u00edvel somente havendo justa causa, assim reconhecida em procedimento disciplinar comprovado:<\/p>\n<p style=\"text-align: justify;\">I &#8211; Malversa\u00e7\u00e3o ou dilapida\u00e7\u00e3o do Patrim\u00f4nio Social;<\/p>\n<p style=\"text-align: justify;\">II &#8211; Grave viola\u00e7\u00e3o deste Estatuto;<\/p>\n<p style=\"text-align: justify;\">III &#8211; Abandono de cargo, assim considerado a aus\u00eancia n\u00e3o justificada em 03(tr\u00eas) reuni\u00f5es ordin\u00e1rias consecutivas, sem a expressa comunica\u00e7\u00e3o dos motivos da aus\u00eancia, a Secret\u00e1ria da Associa\u00e7\u00e3o;<\/p>\n<p style=\"text-align: justify;\">IV &#8211; Aceita\u00e7\u00e3o de cargo ou fun\u00e7\u00e3o incompat\u00edvel com o exerc\u00edcio do cargo da Associa\u00e7\u00e3o;<\/p>\n<p style=\"text-align: justify;\">V &#8211; Conduta duvidosa;<\/p>\n<p style=\"padding-left: 40px; text-align: justify;\"><strong>\u00a0<\/strong><strong style=\"font-family: inherit; font-size: inherit; font-style: inherit; font-variant-ligatures: inherit; font-variant-caps: inherit;\">\u00danico: <\/strong><span style=\"font-size: inherit; font-style: inherit; font-variant-ligatures: inherit; font-variant-caps: inherit; font-weight: inherit;\">A perda do mandato ser\u00e1 declarada pela Diretoria Administrativa homologada pela Assembleia Geral convocada somente para este fim, nos termos da Lei, onde ser\u00e1 assegurado o amplo direito de defesa.<\/span><\/p>\n<p style=\"text-align: justify;\"><strong>Art. 41. <\/strong>Em caso de ren\u00fancia de qualquer membro da Diretoria Administrativa ou Conselho Fiscal, o cargo ser\u00e1 preenchido atrav\u00e9s de indica\u00e7\u00e3o do Diretor Presidente, at\u00e9 o t\u00e9rmino do mandato.<\/p>\n<ul style=\"text-align: justify;\">\n<li><strong> 1\u00ba<\/strong> O pedido de ren\u00fancia se dar\u00e1 p\u00f4r escrito, devendo ser protocolado na Secretaria da Associa\u00e7\u00e3o, que o submeter\u00e1 dentro do prazo de 30 (trinta) dias no m\u00e1ximo, a delibera\u00e7\u00e3o da Assembleia Geral.<\/li>\n<li><strong> 2\u00ba<\/strong> Ocorrendo ren\u00fancia coletiva da Diretoria Administrativa e Conselho Fiscal, qualquer dos associados poder\u00e1 convocar a Assembleia Geral que eleger\u00e1 uma comiss\u00e3o eleitoral de 03 (tr\u00eas) membros, que administrar\u00e1 a entidade, far\u00e1 realizar novas elei\u00e7\u00f5es no prazo de 30 (trinta) dias. Os membros eleitos nestas condi\u00e7\u00f5es complementar\u00e3o o mandato dos renunciantes.<\/li>\n<\/ul>\n<p style=\"text-align: justify;\"><strong>CAP\u00cdTULO VI<\/strong><\/p>\n<p style=\"text-align: justify;\"><strong>DA DISSOLU\u00c7\u00c3O DA ASSOCIA\u00c7\u00c3O<\/strong><\/p>\n<p style=\"text-align: justify;\"><strong>\u00a0Art. 42.<\/strong>\u00a0A Associa\u00e7\u00e3o poder\u00e1 ser dissolvida a qualquer tempo, p\u00f4r delibera\u00e7\u00e3o da Assembleia Geral, especialmente convocada para este fim, composta de associados quites com suas obriga\u00e7\u00f5es sociais, n\u00e3o podendo ela deliberar sem voto concorde de dois ter\u00e7os dos presentes, e obedecendo aos seguintes requisitos:<\/p>\n<p style=\"text-align: justify;\">I &#8211; Em primeira chamada, com a maioria absoluta dos associados;<\/p>\n<p style=\"text-align: justify;\">II &#8211; Em segunda chamada, meia hora ap\u00f3s a primeira, com dois ter\u00e7os dos associados;<\/p>\n<ul style=\"text-align: justify;\">\n<li><strong> \u00danico: <\/strong>A previs\u00e3o de que, em caso de dissolu\u00e7\u00e3o da entidade, o respectivo patrim\u00f4nio l\u00edquido seja transferido a outra pessoa jur\u00eddica de igual natureza que preencha os requisitos desta Lei e cujo objeto social seja, preferencialmente, o mesmo da entidade extinta.<\/li>\n<\/ul>\n<p style=\"text-align: justify;\"><strong>CAP\u00cdTULO VII<\/strong><\/p>\n<p style=\"text-align: justify;\"><strong>DAS DISPOSI\u00c7\u00d5ES FINAIS E TRANSIT\u00d3RIAS<\/strong><\/p>\n<p style=\"text-align: justify;\"><strong>Art.<\/strong><strong>\u00a0<\/strong><strong>43.<\/strong><strong>\u00a0<\/strong>A\u00a0Associa\u00e7\u00e3o n\u00e3o tem finalidade lucrativa, n\u00e3o distribui dividendos, nem qualquer parcela de seu patrim\u00f4nio ou de suas rendas a t\u00edtulo de lucro, bem como aplica integralmente no territ\u00f3rio nacional suas rendas, recursos e eventual resultado operacional, exclusivamente, na manuten\u00e7\u00e3o e desenvolvimento das finalidades institucionais.<\/p>\n<p style=\"text-align: justify;\"><strong>Art. 44.<\/strong>\u00a0O exerc\u00edcio financeiro coincidir\u00e1 com o ano civil.<\/p>\n<p style=\"text-align: justify;\"><strong>Art. 45.<\/strong>\u00a0 Este Estatuto poder\u00e1 ser reformado em parte ou em todo o seu contexto por delibera\u00e7\u00e3o da Assembleia Geral Extraordin\u00e1ria, especialmente convocado para este fim, com a presen\u00e7a de 2\/3 (dois ter\u00e7os) dos s\u00f3cios, quites com suas obriga\u00e7\u00f5es estatut\u00e1rias em primeira chamada e com 1\/3 (um ter\u00e7o) dos s\u00f3cios, quites com suas obriga\u00e7\u00f5es estatut\u00e1rias em segunda chamada, 10 dias ap\u00f3s a primeira.<\/p>\n<p style=\"text-align: justify;\"><strong>Art. 46.<\/strong>\u00a0Os casos omissos ser\u00e3o resolvidos pela Diretoria Executiva e ratificados ou n\u00e3o pela Assembleia Geral, ordin\u00e1ria ou extraordin\u00e1ria, que se seguir \u00e0 decis\u00e3o tomada, ficando eleito o foro da Comarca de Santa Isabel, SP, para sanar poss\u00edveis d\u00favidas.<\/p>\n<p style=\"text-align: justify;\"><strong>Art. 47.<\/strong>\u00a0Este Estatuto entrar\u00e1 em vigor na data de seu registro no Cart\u00f3rio do Registro Civil das Pessoas Jur\u00eddicas.<\/p>\n<p style=\"text-align: center;\">Santa Isabel\/SP, 07 de abril de 2.023.<\/p>\n<p><span style=\"color: #ff0000;\"><strong>Veja tamb\u00e9m:<\/strong><\/span><\/p>\n<p><a href=\"https:\/\/numguentu.com.br\/site\/sobre\/\">Sobre o Numguentu<\/a><\/p>\n<p><a href=\"https:\/\/numguentu.com.br\/site\/diretoria-administrativa\/\">Diretoria Administrativa<\/a><\/p>\n<p><a href=\"https:\/\/numguentu.com.br\/site\/transparencia\/\">Transpar\u00eancia<\/a><\/p>\n<p>&nbsp;<\/p>\n","protected":false},"excerpt":{"rendered":"<p>ESTATUTO DA ASSOCIA\u00c7\u00c3O CULTURAL E ESPORTIVA \u201cNUMGUENTU\u201d CAP\u00cdTULO I DA DENOMINA\u00c7\u00c3O, FINS, SEDE E DURA\u00c7\u00c3O Art. 1o\u00a0A Associa\u00e7\u00e3o Cultural e Esportiva \u201cNumGuentu\u201d, tamb\u00e9m designada\u00a0apenas como\u00a0\u201cACENG\u201d, pessoa jur\u00eddica de direito privado, sem fins lucrativos, de car\u00e1ter organizacional, esportiva, cultural, filantr\u00f3pico, assistencial, promocional, recreativo e educacional, sem cunho pol\u00edtico ou partid\u00e1rio e com fins n\u00e3o econ\u00f4micos, com&hellip; <br \/> <a class=\"button small blue\" href=\"https:\/\/numguentu.com.br\/site\/estatuto-numguentu\/\">Leia mais<\/a><\/p>\n","protected":false},"author":1,"featured_media":0,"parent":0,"menu_order":0,"comment_status":"closed","ping_status":"closed","template":"","meta":{"footnotes":""},"class_list":["post-78","page","type-page","status-publish","hentry"],"_links":{"self":[{"href":"https:\/\/numguentu.com.br\/site\/wp-json\/wp\/v2\/pages\/78","targetHints":{"allow":["GET"]}}],"collection":[{"href":"https:\/\/numguentu.com.br\/site\/wp-json\/wp\/v2\/pages"}],"about":[{"href":"https:\/\/numguentu.com.br\/site\/wp-json\/wp\/v2\/types\/page"}],"author":[{"embeddable":true,"href":"https:\/\/numguentu.com.br\/site\/wp-json\/wp\/v2\/users\/1"}],"replies":[{"embeddable":true,"href":"https:\/\/numguentu.com.br\/site\/wp-json\/wp\/v2\/comments?post=78"}],"version-history":[{"count":4,"href":"https:\/\/numguentu.com.br\/site\/wp-json\/wp\/v2\/pages\/78\/revisions"}],"predecessor-version":[{"id":211,"href":"https:\/\/numguentu.com.br\/site\/wp-json\/wp\/v2\/pages\/78\/revisions\/211"}],"wp:attachment":[{"href":"https:\/\/numguentu.com.br\/site\/wp-json\/wp\/v2\/media?parent=78"}],"curies":[{"name":"wp","href":"https:\/\/api.w.org\/{rel}","templated":true}]}}